{"id":20084,"date":"2025-06-26T18:51:33","date_gmt":"2025-06-26T18:51:33","guid":{"rendered":"https:\/\/elite2you.com\/?page_id=20084"},"modified":"2025-06-27T07:38:52","modified_gmt":"2025-06-27T07:38:52","slug":"mentorprogram","status":"publish","type":"page","link":"https:\/\/elite2you.com\/hu\/mentorprogram\/","title":{"rendered":"Mentorprogram"},"content":{"rendered":"<div class=\"wpb-content-wrapper\"><p>[vc_row][vc_column][vc_column_text]<strong data-redactor-tag=\"strong\">A k\u00f6vetkez\u0151 szint \u2013 ha nemcsak szakmailag, hanem emberileg is fejl\u0151dni szeretn\u00e9l.<\/strong><\/p>\n<p>A coaching sor\u00e1n megtan\u00edtjuk, hogyan \u00e9p\u00edts tartalmat, hogyan kommunik\u00e1lj az el\u0151fizet\u0151iddel, hogyan \u00e1razz, \u00e9s hogyan poz\u00edcion\u00e1ld magad az online vil\u00e1gban. Ez egy struktur\u00e1lt, havi szakmai k\u00e9pz\u00e9s \u2013 de ez m\u00e9g csak az alap.<\/p>\n<p>A\u00a0Mentorprogram\u00a0azok sz\u00e1m\u00e1ra ny\u00edlik meg, akik m\u00e1r elv\u00e9gezt\u00e9k a tanfolyamot, v\u00e9gigmentek a coaching programon, \u00e9s k\u00e9szen \u00e1llnak egy \u00faj szintre l\u00e9pni:\u00a0egy szem\u00e9lyre szabott, intenz\u00edvebb fejl\u0151d\u00e9si \u00fatra.<\/p>\n<hr \/>\n<h3>Kinek aj\u00e1nlott a Mentorprogram?<\/h3>\n<p data-start=\"179\" data-end=\"284\">A Mentorprogramot azok sz\u00e1m\u00e1ra hoztuk l\u00e9tre, akik nemcsak tanulni szeretn\u00e9nek \u2013 hanem <em data-start=\"265\" data-end=\"283\">val\u00f3ban fejl\u0151dni<\/em>.<\/p>\n<p data-start=\"286\" data-end=\"555\">Aj\u00e1nljuk mindazoknak,<br data-start=\"307\" data-end=\"310\" \/>\ud83d\udd39 akik m\u00e9g nem k\u00f6t\u00f6ttek szerz\u0151d\u00e9st az \u00fcgyn\u00f6ks\u00e9ggel,<br data-start=\"366\" data-end=\"369\" \/>\ud83d\udd39 \u00e9s azoknak is, akik m\u00e1r az \u00fcgyn\u00f6ks\u00e9g tagjai, \u00e9s k\u00f6zben \u00e9p\u00edtj\u00fck az online karrierj\u00fcket \u2013<br data-start=\"463\" data-end=\"466\" \/>de \u00e9rzik magukban az ig\u00e9nyt, hogy m\u00e9g m\u00e9lyebbre menjenek, \u00e9s t\u00f6bbet hozzanak ki magukb\u00f3l.<\/p>\n<p data-start=\"557\" data-end=\"796\">A bel\u00e9p\u00e9s felt\u00e9tele minden esetben ugyanaz:<br data-start=\"600\" data-end=\"603\" \/>\ud83d\udcd8 El\u0151sz\u00f6r v\u00e9gezd el az Akad\u00e9miai programot,<br data-start=\"647\" data-end=\"650\" \/>\ud83c\udf93 majd vegy\u00e9l r\u00e9szt a Coaching szolg\u00e1ltat\u00e1sban,<br data-start=\"698\" data-end=\"701\" \/>\u00e9s ha ott is <em data-start=\"714\" data-end=\"736\">kiv\u00e1l\u00f3an teljes\u00edtesz<\/em> \u2013 akkor m\u00e1ris jogosult vagy csatlakozni a Mentorprogramhoz.<\/p>\n<p data-start=\"798\" data-end=\"998\">A Mentorprogram azoknak sz\u00f3l, akik mik\u00f6zben az \u00fcgyn\u00f6ks\u00e9g menedzseli \u0151ket, nem szeretn\u00e9nek h\u00e1trad\u0151lni, hanem tudatosan \u00e9s bel\u00fclr\u0151l is er\u0151sebb\u00e9, magabiztosabb\u00e1 \u00e9s \u00f6sszeszedettebb\u00e9 akarnak v\u00e1lni.<\/p>\n<hr \/>\n<h3>Mit kapsz a Mentorprogramban?<\/h3>\n<h4>\ud83d\udc65 K\u00f6zvetlen hozz\u00e1f\u00e9r\u00e9s a fels\u0151vezet\u0151kh\u00f6z<\/h4>\n<p>Csatlakozhatsz egy z\u00e1rt, exkluz\u00edv csoporthoz, ahol a\u00a0nemzetk\u00f6zi igazgat\u00f3kkal dolgozhatsz egy\u00fctt. \u0150k nemcsak a szakmai \u00fatmutat\u00e1st adj\u00e1k meg, hanem tapasztalataik \u00e9s strat\u00e9gi\u00e1ik r\u00e9v\u00e9n seg\u00edtenek a nagyobb c\u00e9lok el\u00e9r\u00e9s\u00e9ben is.<\/p>\n<h4>\ud83d\udc8e Gondolkod\u00e1sm\u00f3d-fejleszt\u00e9s<\/h4>\n<p>A mentorprogram egyik legfontosabb eleme a bels\u0151 \u00e1talakul\u00e1s. Itt m\u00e1r nemcsak az a k\u00e9rd\u00e9s, hogy \u201emit posztolj?\u201d, hanem az is,\u00a0hogyan gondolkodsz magadr\u00f3l, a m\u00e1rk\u00e1dr\u00f3l, a j\u00f6v\u0151dr\u0151l \u00e9s a p\u00e9nzr\u0151l.<\/p>\n<h4>\ud83e\udde0 Szem\u00e9lyis\u00e9gfejleszt\u00e9s<\/h4>\n<p>\u00d6nbizalom, fegyelmezetts\u00e9g, hat\u00e1rozotts\u00e1g, \u00f6nazonoss\u00e1g. Ezeket nem lehet egyik napr\u00f3l a m\u00e1sikra megtanulni \u2013 de egy j\u00f3 mentorral el lehet saj\u00e1t\u00edtani. A mentorprogramban\u00a0olyan emberr\u00e9 v\u00e1lhatsz, akire egy komoly karrier \u00e9p\u00fclhet.<\/p>\n<h4>\ud83d\uddfa\ufe0f C\u00e9lok kit\u0171z\u00e9se \u00e9s el\u00e9r\u00e9se<\/h4>\n<p>A mentoraid nemcsak seg\u00edtenek c\u00e9lokat kit\u0171zni, hanem\u00a0visszak\u00e9rdeznek, visszacsatolnak, \u00e9s motiv\u00e1lnak is, hogy haladj. Ez nem csak elm\u00e9let \u2013 ez egy\u00a0folyamatos, t\u00e1mogat\u00f3 fejl\u0151d\u00e9si k\u00f6rnyezet.<\/p>\n<hr \/>\n<h3>Mit mondanak a vezet\u0151k?<\/h3>\n<blockquote><p><em>\u201eEz a program hozz\u00e1f\u00e9r\u00e9st ad a teljes vezet\u0151i k\u00f6rh\u00f6z \u2013 azokhoz, akik ezt a rendszert \u00e9p\u00edtett\u00e9k. Nem csak az a k\u00fcl\u00f6nleges, amit kapsz \u2013 hanem az a hely, ahov\u00e1 ezzel a mentorprogrammal bel\u00e9psz. Egy m\u00e1sik vil\u00e1gba l\u00e9psz \u00e1t, \u00e9s m\u00e1r \u00e9rzed: semmi sem lesz t\u00f6bb\u00e9 ugyanolyan, mint r\u00e9gen. Mert nek\u00fcnk nem az a c\u00e9lunk, hogy egy l\u00e9p\u00e9ssel el\u0151tted j\u00e1rjunk \u2013 hanem hogy te haladj el\u0151re.\u201d<\/em><br \/>\n\u2013 G\u00e1bor, az Elite2You Alap\u00edt\u00f3ja \u00e9s \u00dcgyvezet\u0151je<\/p><\/blockquote>\n<blockquote><p><em>\u201eA legt\u00f6bben azt k\u00e9rdezik: mit kell tennem, hogy sikeres legyek? De a val\u00f3di k\u00e9rd\u00e9s ez: miv\u00e9 kell v\u00e1lnod, hogy el tudd viselni a sikert? A mentorprogram nemcsak v\u00e1laszokat ad, hanem t\u00fckr\u00f6t is tart \u2013 hogy l\u00e1sd, ki vagy val\u00f3j\u00e1ban. Innen kezd\u0151dik a fejl\u0151d\u00e9s, nem a tippekn\u00e9l, hanem \u00f6nmagad meg\u00e9rt\u00e9s\u00e9n\u00e9l.\u201d<\/em><br \/>\n\u2013 Karmen, az Elite2You t\u00e1rsalap\u00edt\u00f3ja<\/p><\/blockquote>\n<blockquote><p><em>\u201eAz operat\u00edv munk\u00e1ban minden nap l\u00e1tom, hogy ki az, aki csak inform\u00e1ci\u00f3t keres \u2013 \u00e9s ki az, aki val\u00f3ban v\u00e1ltozni akar. A mentorprogram nem egy \u00fajabb tananyag. Ez egy val\u00f3di ugr\u00f3deszka. Itt nem csak megtan\u00edtunk rendszerezni, d\u00f6nteni \u00e9s haladni \u2013 hanem azt is meg\u00e9rted, hogyan tartsd meg a f\u00f3kuszt akkor is, amikor minden neh\u00e9zz\u00e9 v\u00e1lik. Ez a program nemcsak seg\u00edt el\u00e9rni valamit \u2013 hanem megtan\u00edt arra is, hogyan ne vesz\u00edtsd el, amit m\u00e1r egyszer el\u00e9rt\u00e9l.\u201d<\/em><br \/>\n\u2013 Szilvia, az Elite2You Operat\u00edv igazgat\u00f3ja<\/p><\/blockquote>\n<p>[\/vc_column_text][vc_empty_space][\/vc_column][\/vc_row][vc_row][vc_column][vc_cta h2=\"Szeretn\u00e9l jelentkezni?\" h4=\"Ha igen, most fizesd ki a program d\u00edj\u00e1t itt:\" txt_align=\"center\"]<\/p>\n<style>\n  \/* Csak ezen az oldalon kapcsolja ki az overlayt *\/<br \/>  #side-nav-overlay {<br \/>    display: none !important;<br \/>    pointer-events: none !important;<br \/>  }<br \/><\/style>\n<div style=\"text-align: center; margin-top: 40px; position: relative; z-index: 9999;\"><a style=\"display: inline-block; background-color: #e0b645; color: white; padding: 16px 36px; font-size: 18px; font-weight: bold; border-radius: 40px; text-decoration: none; box-shadow: 0 4px 12px rgba(0, 0, 0, 0.2); transition: background-color 0.3s ease; z-index: 9999; position: relative;\" href=\"https:\/\/elite2you.com\/store\/\" target=\"_blank\" rel=\"noopener\"><br \/>\n\ud83d\udce9 Jelentkezem a Mentorprogramra<br \/>\n<\/a><\/div>\n<p>[\/vc_cta][\/vc_column][\/vc_row][vc_row][vc_column][vc_cta h2=\"Kifizetted a program d\u00edj\u00e1t?\" h4=\"Ha igen, foglalj id\u0151pontot a mentorprogram megbesz\u00e9l\u00e9s\u00e9re\" txt_align=\"center\"]<!-- Calendly inline widget begin --><\/p>\n<div class=\"calendly-inline-widget\" style=\"min-width: 320px; height: 700px;\" data-url=\"https:\/\/calendly.com\/elite2you-modelagency\/mentorprogramra-jelentkezes-egyeztetese-meeting\"><\/div>\n<p><script type=\"text\/javascript\" src=\"https:\/\/assets.calendly.com\/assets\/external\/widget.js\" async><\/script><br \/>\n<!-- Calendly inline widget end -->[\/vc_cta][\/vc_column][\/vc_row]<\/p>\n<\/div>","protected":false},"excerpt":{"rendered":"<p>[vc_row][vc_column][vc_column_text]A k\u00f6vetkez\u0151 szint \u2013 ha nemcsak szakmailag, hanem emberileg is fejl\u0151dni szeretn\u00e9l. A coaching sor\u00e1n megtan\u00edtjuk, hogyan \u00e9p\u00edts tartalmat, hogyan &hellip; <a href=\"https:\/\/elite2you.com\/hu\/mentorprogram\/\" class=\"more-link\">Continue reading <span class=\"screen-reader-text\">Mentorprogram<\/span><\/a><\/p>\n","protected":false},"author":5,"featured_media":20086,"parent":0,"menu_order":0,"comment_status":"closed","ping_status":"closed","template":"","meta":{"_monsterinsights_skip_tracking":false,"_monsterinsights_sitenote_active":false,"_monsterinsights_sitenote_note":"","_monsterinsights_sitenote_category":0,"_vp_format_video_url":"","_vp_image_focal_point":[],"footnotes":""},"class_list":["post-20084","page","type-page","status-publish","has-post-thumbnail","hentry"],"_links":{"self":[{"href":"https:\/\/elite2you.com\/hu\/wp-json\/wp\/v2\/pages\/20084","targetHints":{"allow":["GET"]}}],"collection":[{"href":"https:\/\/elite2you.com\/hu\/wp-json\/wp\/v2\/pages"}],"about":[{"href":"https:\/\/elite2you.com\/hu\/wp-json\/wp\/v2\/types\/page"}],"author":[{"embeddable":true,"href":"https:\/\/elite2you.com\/hu\/wp-json\/wp\/v2\/users\/5"}],"replies":[{"embeddable":true,"href":"https:\/\/elite2you.com\/hu\/wp-json\/wp\/v2\/comments?post=20084"}],"version-history":[{"count":25,"href":"https:\/\/elite2you.com\/hu\/wp-json\/wp\/v2\/pages\/20084\/revisions"}],"predecessor-version":[{"id":20126,"href":"https:\/\/elite2you.com\/hu\/wp-json\/wp\/v2\/pages\/20084\/revisions\/20126"}],"wp:featuredmedia":[{"embeddable":true,"href":"https:\/\/elite2you.com\/hu\/wp-json\/wp\/v2\/media\/20086"}],"wp:attachment":[{"href":"https:\/\/elite2you.com\/hu\/wp-json\/wp\/v2\/media?parent=20084"}],"curies":[{"name":"wp","href":"https:\/\/api.w.org\/{rel}","templated":true}]}}